{"id":564,"date":"2020-09-20T21:09:45","date_gmt":"2020-09-20T19:09:45","guid":{"rendered":"https:\/\/zumquadrat.org\/?page_id=564"},"modified":"2024-01-14T17:29:03","modified_gmt":"2024-01-14T16:29:03","slug":"faq","status":"publish","type":"page","link":"https:\/\/zumquadrat.org\/de\/faq\/","title":{"rendered":"FAQ"},"content":{"rendered":"\t\t<div data-elementor-type=\"wp-page\" data-elementor-id=\"564\" class=\"elementor elementor-564\" data-elementor-post-type=\"page\">\n\t\t\t\t\t\t<section class=\"elementor-section elementor-top-section elementor-element elementor-element-390761d8 elementor-section-boxed elementor-section-height-default elementor-section-height-default\" data-id=\"390761d8\" data-element_type=\"section\">\n\t\t\t\t\t\t<div class=\"elementor-container elementor-column-gap-default\">\n\t\t\t\t\t<div class=\"elementor-column elementor-col-100 elementor-top-column elementor-element elementor-element-61184920\" data-id=\"61184920\" data-element_type=\"column\">\n\t\t\t<div class=\"elementor-widget-wrap elementor-element-populated\">\n\t\t\t\t\t\t<div class=\"elementor-element elementor-element-5ca83b9a headline_post_h2_zq elementor-widget elementor-widget-heading\" data-id=\"5ca83b9a\" data-element_type=\"widget\" data-widget_type=\"heading.default\">\n\t\t\t\t<div class=\"elementor-widget-container\">\n\t\t\t\t\t<h2 class=\"elementor-heading-title elementor-size-default\">Fragen & Antworten<\/h2>\t\t\t\t<\/div>\n\t\t\t\t<\/div>\n\t\t\t\t\t<\/div>\n\t\t<\/div>\n\t\t\t\t\t<\/div>\n\t\t<\/section>\n\t\t\t\t<section class=\"elementor-section elementor-top-section elementor-element elementor-element-83e1957 elementor-hidden-desktop elementor-hidden-tablet elementor-section-boxed elementor-section-height-default elementor-section-height-default\" data-id=\"83e1957\" data-element_type=\"section\">\n\t\t\t\t\t\t<div class=\"elementor-container elementor-column-gap-default\">\n\t\t\t\t\t<div class=\"elementor-column elementor-col-100 elementor-top-column elementor-element elementor-element-b8ef157\" data-id=\"b8ef157\" data-element_type=\"column\">\n\t\t\t<div class=\"elementor-widget-wrap elementor-element-populated\">\n\t\t\t\t\t\t<div class=\"elementor-element elementor-element-079ba5b elementor-widget elementor-widget-image\" data-id=\"079ba5b\" data-element_type=\"widget\" data-widget_type=\"image.default\">\n\t\t\t\t<div class=\"elementor-widget-container\">\n\t\t\t\t\t\t\t\t\t\t\t\t\t\t\t<img fetchpriority=\"high\" decoding=\"async\" width=\"525\" height=\"525\" src=\"https:\/\/zumquadrat.org\/wp-content\/uploads\/2020\/12\/FAQ.svg\" class=\"attachment-large size-large wp-image-1411\" alt=\"\" sizes=\"100vw\" \/>\t\t\t\t\t\t\t\t\t\t\t\t\t\t\t<\/div>\n\t\t\t\t<\/div>\n\t\t\t\t\t<\/div>\n\t\t<\/div>\n\t\t\t\t\t<\/div>\n\t\t<\/section>\n\t\t\t\t<section class=\"elementor-section elementor-top-section elementor-element elementor-element-046ec91 elementor-hidden-phone elementor-section-boxed elementor-section-height-default elementor-section-height-default\" data-id=\"046ec91\" data-element_type=\"section\">\n\t\t\t\t\t\t<div class=\"elementor-container elementor-column-gap-default\">\n\t\t\t\t\t<div class=\"elementor-column elementor-col-100 elementor-top-column elementor-element elementor-element-f1fa7a2\" data-id=\"f1fa7a2\" data-element_type=\"column\">\n\t\t\t<div class=\"elementor-widget-wrap elementor-element-populated\">\n\t\t\t\t\t\t<div class=\"elementor-element elementor-element-2fb49db elementor-hidden-phone elementor-align-center elementor-widget elementor-widget-lottie\" data-id=\"2fb49db\" data-element_type=\"widget\" data-settings=\"{&quot;source_json&quot;:{&quot;url&quot;:&quot;https:\\\/\\\/zumquadrat.org\\\/wp-content\\\/uploads\\\/2021\\\/01\\\/notes.json&quot;,&quot;id&quot;:1824,&quot;size&quot;:&quot;&quot;},&quot;loop&quot;:&quot;yes&quot;,&quot;source&quot;:&quot;media_file&quot;,&quot;caption_source&quot;:&quot;none&quot;,&quot;link_to&quot;:&quot;none&quot;,&quot;trigger&quot;:&quot;arriving_to_viewport&quot;,&quot;viewport&quot;:{&quot;unit&quot;:&quot;%&quot;,&quot;size&quot;:&quot;&quot;,&quot;sizes&quot;:{&quot;start&quot;:0,&quot;end&quot;:100}},&quot;play_speed&quot;:{&quot;unit&quot;:&quot;px&quot;,&quot;size&quot;:1,&quot;sizes&quot;:[]},&quot;start_point&quot;:{&quot;unit&quot;:&quot;%&quot;,&quot;size&quot;:0,&quot;sizes&quot;:[]},&quot;end_point&quot;:{&quot;unit&quot;:&quot;%&quot;,&quot;size&quot;:100,&quot;sizes&quot;:[]},&quot;renderer&quot;:&quot;svg&quot;}\" data-widget_type=\"lottie.default\">\n\t\t\t\t<div class=\"elementor-widget-container\">\n\t\t\t\t\t<div class=\"e-lottie__container\"><div class=\"e-lottie__animation\"><\/div><\/div>\t\t\t\t<\/div>\n\t\t\t\t<\/div>\n\t\t\t\t\t<\/div>\n\t\t<\/div>\n\t\t\t\t\t<\/div>\n\t\t<\/section>\n\t\t\t\t<section class=\"elementor-section elementor-top-section elementor-element elementor-element-abc6fea faq_szq elementor-section-boxed elementor-section-height-default elementor-section-height-default\" data-id=\"abc6fea\" data-element_type=\"section\">\n\t\t\t\t\t\t<div class=\"elementor-container elementor-column-gap-default\">\n\t\t\t\t\t<div class=\"elementor-column elementor-col-100 elementor-top-column elementor-element elementor-element-c5f71b4\" data-id=\"c5f71b4\" data-element_type=\"column\">\n\t\t\t<div class=\"elementor-widget-wrap elementor-element-populated\">\n\t\t\t\t\t\t<div class=\"elementor-element elementor-element-a3bf239 accordion_szq elementor-widget elementor-widget-accordion\" data-id=\"a3bf239\" data-element_type=\"widget\" data-widget_type=\"accordion.default\">\n\t\t\t\t<div class=\"elementor-widget-container\">\n\t\t\t\t\t\t\t<div class=\"elementor-accordion\">\n\t\t\t\t\t\t\t<div class=\"elementor-accordion-item\">\n\t\t\t\t\t<div id=\"elementor-tab-title-1711\" class=\"elementor-tab-title\" data-tab=\"1\" role=\"button\" aria-controls=\"elementor-tab-content-1711\" aria-expanded=\"false\">\n\t\t\t\t\t\t\t\t\t\t\t\t\t<span class=\"elementor-accordion-icon elementor-accordion-icon-left\" aria-hidden=\"true\">\n\t\t\t\t\t\t\t\t\t\t\t\t\t\t\t<span class=\"elementor-accordion-icon-closed\"><i class=\"fas fa-plus\"><\/i><\/span>\n\t\t\t\t\t\t\t\t<span class=\"elementor-accordion-icon-opened\"><i class=\"fas fa-minus\"><\/i><\/span>\n\t\t\t\t\t\t\t\t\t\t\t\t\t\t<\/span>\n\t\t\t\t\t\t\t\t\t\t\t\t<a class=\"elementor-accordion-title\" tabindex=\"0\">Welche Sprachkenntnisse sind bei der Aufnahme notwendig?<\/a>\n\t\t\t\t\t<\/div>\n\t\t\t\t\t<div id=\"elementor-tab-content-1711\" class=\"elementor-tab-content elementor-clearfix\" data-tab=\"1\" role=\"region\" aria-labelledby=\"elementor-tab-title-1711\"><p>Unsere Schule ist offen fu\u0308r alle Kinder, die mindestens eine Schwerpunktsprache sprechen. Zu den Schwerpunktsprachen geh\u00f6ren Deutsch, Englisch, Russisch und Rum\u00e4nisch. Bei entsprechender Nachfrage kommen weitere osteurop\u00e4ische Sprachen hinzu.<\/p><p>Bei der Aufnahme achten wir darauf, dass 60 Prozent unserer Sch\u00fcler*innen aktiv mind. eine osteurop\u00e4ische Sprache sprechen. Die restlichen 40 Prozent der Pl\u00e4tze gehen an Kinder mit der aktiven Sprache Deutsch oder Englisch, die Lust haben, eine osteurop\u00e4ische Sprache zu lernen.<\/p><\/div>\n\t\t\t\t<\/div>\n\t\t\t\t\t\t\t<div class=\"elementor-accordion-item\">\n\t\t\t\t\t<div id=\"elementor-tab-title-1712\" class=\"elementor-tab-title\" data-tab=\"2\" role=\"button\" aria-controls=\"elementor-tab-content-1712\" aria-expanded=\"false\">\n\t\t\t\t\t\t\t\t\t\t\t\t\t<span class=\"elementor-accordion-icon elementor-accordion-icon-left\" aria-hidden=\"true\">\n\t\t\t\t\t\t\t\t\t\t\t\t\t\t\t<span class=\"elementor-accordion-icon-closed\"><i class=\"fas fa-plus\"><\/i><\/span>\n\t\t\t\t\t\t\t\t<span class=\"elementor-accordion-icon-opened\"><i class=\"fas fa-minus\"><\/i><\/span>\n\t\t\t\t\t\t\t\t\t\t\t\t\t\t<\/span>\n\t\t\t\t\t\t\t\t\t\t\t\t<a class=\"elementor-accordion-title\" tabindex=\"0\">Wie wird Translanguaging in der Praxis angewendet?<\/a>\n\t\t\t\t\t<\/div>\n\t\t\t\t\t<div id=\"elementor-tab-content-1712\" class=\"elementor-tab-content elementor-clearfix\" data-tab=\"2\" role=\"region\" aria-labelledby=\"elementor-tab-title-1712\">F\u00fcr ein besseres Verst\u00e4ndnis dieses Ansatzes m\u00f6chten wir einige Beispiele aus der Praxis geben:<br><br>\nZum Beispiel entwickelt eine Lernbegleiterin einen Unterrichtsplan, der Deutsch als Unterrichtsmedium und Rum\u00e4nisch als Diskussionsmedium verwendet. <br><br>\n\nDie Sch\u00fcler*innen schreiben einen Text in Russisch, der dann ins Deutsche \u00fcbersetzt wird. Diese \u00dcbersetzung kann in verschiedenen Formen realisiert werden: schriftlich, m\u00fcndlich, visuell, musisch, dramaturgisch und multimodal. \n<br><br>\n\nDiese Vorgehensweise erm\u00f6glicht es dem Kind, jede Sprache f\u00fcr verschiedene Bereiche innerhalb des Klassenzimmers zu verwenden. \n<\/div>\n\t\t\t\t<\/div>\n\t\t\t\t\t\t\t<div class=\"elementor-accordion-item\">\n\t\t\t\t\t<div id=\"elementor-tab-title-1713\" class=\"elementor-tab-title\" data-tab=\"3\" role=\"button\" aria-controls=\"elementor-tab-content-1713\" aria-expanded=\"false\">\n\t\t\t\t\t\t\t\t\t\t\t\t\t<span class=\"elementor-accordion-icon elementor-accordion-icon-left\" aria-hidden=\"true\">\n\t\t\t\t\t\t\t\t\t\t\t\t\t\t\t<span class=\"elementor-accordion-icon-closed\"><i class=\"fas fa-plus\"><\/i><\/span>\n\t\t\t\t\t\t\t\t<span class=\"elementor-accordion-icon-opened\"><i class=\"fas fa-minus\"><\/i><\/span>\n\t\t\t\t\t\t\t\t\t\t\t\t\t\t<\/span>\n\t\t\t\t\t\t\t\t\t\t\t\t<a class=\"elementor-accordion-title\" tabindex=\"0\">Was bedeutet Translanguaging f\u00fcr unsere Lernbegleiter*innen?<\/a>\n\t\t\t\t\t<\/div>\n\t\t\t\t\t<div id=\"elementor-tab-content-1713\" class=\"elementor-tab-content elementor-clearfix\" data-tab=\"3\" role=\"region\" aria-labelledby=\"elementor-tab-title-1713\">Auch die Mehrsprachigkeit der Lernbegleiter*innen ist eine wichtige Ressource. Die Lernbegleiter*innen werden zu mehrsprachigen Sprachvorbildern, die auf ihr gesamtes sprachliches und nicht-sprachliches Repertoire zur\u00fcckgreifen und im besten Fall verschiedene Sprachen als Unterrichtssprachen nutzen. Dabei ist es uns jedoch wichtig, dass sie ihre Unterrichtssprachen als Muttersprache(n) haben oder sie wie ihre Muttersprache(n) sprechen. <\/div>\n\t\t\t\t<\/div>\n\t\t\t\t\t\t\t<div class=\"elementor-accordion-item\">\n\t\t\t\t\t<div id=\"elementor-tab-title-1714\" class=\"elementor-tab-title\" data-tab=\"4\" role=\"button\" aria-controls=\"elementor-tab-content-1714\" aria-expanded=\"false\">\n\t\t\t\t\t\t\t\t\t\t\t\t\t<span class=\"elementor-accordion-icon elementor-accordion-icon-left\" aria-hidden=\"true\">\n\t\t\t\t\t\t\t\t\t\t\t\t\t\t\t<span class=\"elementor-accordion-icon-closed\"><i class=\"fas fa-plus\"><\/i><\/span>\n\t\t\t\t\t\t\t\t<span class=\"elementor-accordion-icon-opened\"><i class=\"fas fa-minus\"><\/i><\/span>\n\t\t\t\t\t\t\t\t\t\t\t\t\t\t<\/span>\n\t\t\t\t\t\t\t\t\t\t\t\t<a class=\"elementor-accordion-title\" tabindex=\"0\">Gibt es weitere Besonderheiten im p\u00e4dagogischen Alltag der Schule?<\/a>\n\t\t\t\t\t<\/div>\n\t\t\t\t\t<div id=\"elementor-tab-content-1714\" class=\"elementor-tab-content elementor-clearfix\" data-tab=\"4\" role=\"region\" aria-labelledby=\"elementor-tab-title-1714\"><p>Die Arbeit in und mit den K\u00fcnsten ist profilbildend f\u00fcr unsere Schule und Teil der Schulkultur. K\u00fcnste werden bei uns als Katalysator beim Lernen von Sprachen, Mathematik, Naturwissenschaften und Sozialem fungieren. Wir werden eng mit Kunst- und Kulturschaffenden zusammenarbeiten und Kontakte zu kulturellen Einrichtungen kn\u00fcpfen.<\/p><p>Wir werden mit dem Konzept des forschenden Lernens arbeiten. Die Sch\u00fcler*innen werden lernen, indem sie recherchieren, erforschen und experimentieren, dokumentieren und reflektieren.<\/p><p>Die Sch\u00fcler*innen werden f\u00e4cher\u00fcbergreifend in Projekten lernen und auf diese Weise mehrere Zugangsm\u00f6glichkeiten zu einem Thema und ein besseres Verst\u00e4ndnis f\u00fcr die Zusammenh\u00e4nge bekommen.<\/p><p>Um die F\u00e4higkeit zum lebenslangen Lernen zu entwickeln, werden die Kinder jeden Tag lernen, selbst\u00e4ndig zu arbeiten, ihre Zeit zu planen und den Tag zu organisieren, Fragen zu stellen und eigenst\u00e4ndig L\u00f6sungen zu finden.<\/p><p>Der Unterricht wird bei uns oft ins Freie verlegt, in die Stadt, ins Gr\u00fcne. Wir werden regelm\u00e4\u00dfig an Orten au\u00dferhalb des Schulgeb\u00e4udes arbeiten, im Museum, im Forschungslabor, auf dem Markt.<\/p><\/div>\n\t\t\t\t<\/div>\n\t\t\t\t\t\t\t<div class=\"elementor-accordion-item\">\n\t\t\t\t\t<div id=\"elementor-tab-title-1715\" class=\"elementor-tab-title\" data-tab=\"5\" role=\"button\" aria-controls=\"elementor-tab-content-1715\" aria-expanded=\"false\">\n\t\t\t\t\t\t\t\t\t\t\t\t\t<span class=\"elementor-accordion-icon elementor-accordion-icon-left\" aria-hidden=\"true\">\n\t\t\t\t\t\t\t\t\t\t\t\t\t\t\t<span class=\"elementor-accordion-icon-closed\"><i class=\"fas fa-plus\"><\/i><\/span>\n\t\t\t\t\t\t\t\t<span class=\"elementor-accordion-icon-opened\"><i class=\"fas fa-minus\"><\/i><\/span>\n\t\t\t\t\t\t\t\t\t\t\t\t\t\t<\/span>\n\t\t\t\t\t\t\t\t\t\t\t\t<a class=\"elementor-accordion-title\" tabindex=\"0\">Wie werden die individuellen St\u00e4rken und Interessen des Kindes ber\u00fccksichtigt? <\/a>\n\t\t\t\t\t<\/div>\n\t\t\t\t\t<div id=\"elementor-tab-content-1715\" class=\"elementor-tab-content elementor-clearfix\" data-tab=\"5\" role=\"region\" aria-labelledby=\"elementor-tab-title-1715\">In regelm\u00e4\u00dfigen Lernentwicklungsgespr\u00e4chen erarbeiten wir gemeinsam mit dem Kind seinen pers\u00f6nlichen Bildungsplan. Wir besprechen, was es bereits gut kann, oder wo Bedarf f\u00fcr Vertiefungen und \u00dcbungen besteht. Ausgehend hiervon werden die Kinder durch eigene Fragestellungen, individuelle Aufgabenformate und Materialien sowie offene Unterrichtsformen gef\u00f6rdert. Dies schlie\u00dft individuelle Hilfen f\u00fcr Kinder beim Lernen genauso ein wie die F\u00f6rderung von besonderen Interessen und Neigungen.<\/div>\n\t\t\t\t<\/div>\n\t\t\t\t\t\t\t<div class=\"elementor-accordion-item\">\n\t\t\t\t\t<div id=\"elementor-tab-title-1716\" class=\"elementor-tab-title\" data-tab=\"6\" role=\"button\" aria-controls=\"elementor-tab-content-1716\" aria-expanded=\"false\">\n\t\t\t\t\t\t\t\t\t\t\t\t\t<span class=\"elementor-accordion-icon elementor-accordion-icon-left\" aria-hidden=\"true\">\n\t\t\t\t\t\t\t\t\t\t\t\t\t\t\t<span class=\"elementor-accordion-icon-closed\"><i class=\"fas fa-plus\"><\/i><\/span>\n\t\t\t\t\t\t\t\t<span class=\"elementor-accordion-icon-opened\"><i class=\"fas fa-minus\"><\/i><\/span>\n\t\t\t\t\t\t\t\t\t\t\t\t\t\t<\/span>\n\t\t\t\t\t\t\t\t\t\t\t\t<a class=\"elementor-accordion-title\" tabindex=\"0\">Gibt es Klassen an der Schule zumquadrat?<\/a>\n\t\t\t\t\t<\/div>\n\t\t\t\t\t<div id=\"elementor-tab-content-1716\" class=\"elementor-tab-content elementor-clearfix\" data-tab=\"6\" role=\"region\" aria-labelledby=\"elementor-tab-title-1716\"><p>In unserer Schule werden alle Kinder in jahrgangsgemischten Gruppen lernen, wobei nicht nur ihr Alter, sondern auch die individuellen Ziele ber\u00fccksichtigt werden. In der Regel arbeiten in der gleichen Gruppe Sch\u00fcler*innen mit einem Altersunterschied von bis zu drei Jahren. Auf diese Weise lernen Kinder, mit unterschiedlich alten Lernpartner*innen zusammenzuarbeiten und neue Freundschaften zu schlie\u00dfen \u2013 wie es auch in der Gesellschaft und in der Familie unter Geschwistern geschieht.<\/p><\/div>\n\t\t\t\t<\/div>\n\t\t\t\t\t\t\t<div class=\"elementor-accordion-item\">\n\t\t\t\t\t<div id=\"elementor-tab-title-1717\" class=\"elementor-tab-title\" data-tab=\"7\" role=\"button\" aria-controls=\"elementor-tab-content-1717\" aria-expanded=\"false\">\n\t\t\t\t\t\t\t\t\t\t\t\t\t<span class=\"elementor-accordion-icon elementor-accordion-icon-left\" aria-hidden=\"true\">\n\t\t\t\t\t\t\t\t\t\t\t\t\t\t\t<span class=\"elementor-accordion-icon-closed\"><i class=\"fas fa-plus\"><\/i><\/span>\n\t\t\t\t\t\t\t\t<span class=\"elementor-accordion-icon-opened\"><i class=\"fas fa-minus\"><\/i><\/span>\n\t\t\t\t\t\t\t\t\t\t\t\t\t\t<\/span>\n\t\t\t\t\t\t\t\t\t\t\t\t<a class=\"elementor-accordion-title\" tabindex=\"0\">Gibt es Noten an der Schule zumquadrat?<\/a>\n\t\t\t\t\t<\/div>\n\t\t\t\t\t<div id=\"elementor-tab-content-1717\" class=\"elementor-tab-content elementor-clearfix\" data-tab=\"7\" role=\"region\" aria-labelledby=\"elementor-tab-title-1717\">In unserer Schule werden wir mit Alternativen zu klassischer Benotung arbeiten. Dazu geh\u00f6ren u. a.:\n<ul style=\"margin: 10px 0 20px 0;\">\n \t<li>Selbsteinsch\u00e4tzung (Sch\u00fcler*innen bewerten ihren Fortschritt selbst)<\/li>\n \t<li>Portfolioarbeit (die Ergebnisse werden von den Sch\u00fcler*innen zum Schuljahresende pr\u00e4sentiert)<\/li>\n \t<li>Lernentwicklungsgespr\u00e4che (regelm\u00e4\u00dfige individuelle Gespr\u00e4che zwischen Sch\u00fcler*in und Lernbegleiter*in bzw. Coach)<\/li>\n \t<li>Feedback von Mitsch\u00fcler*innen<\/li>\n \t<li>Kompetenzbewertung durch Lernbegleiter*innen<\/li>\n<\/ul>\nIm Gegensatz zu den \u00fcblichen Noten gibt eine solch umfassende Beurteilung ein vollst\u00e4ndiges Bild der individuellen Entwicklung der Sch\u00fcler*innen wieder.<\/div>\n\t\t\t\t<\/div>\n\t\t\t\t\t\t\t<div class=\"elementor-accordion-item\">\n\t\t\t\t\t<div id=\"elementor-tab-title-1718\" class=\"elementor-tab-title\" data-tab=\"8\" role=\"button\" aria-controls=\"elementor-tab-content-1718\" aria-expanded=\"false\">\n\t\t\t\t\t\t\t\t\t\t\t\t\t<span class=\"elementor-accordion-icon elementor-accordion-icon-left\" aria-hidden=\"true\">\n\t\t\t\t\t\t\t\t\t\t\t\t\t\t\t<span class=\"elementor-accordion-icon-closed\"><i class=\"fas fa-plus\"><\/i><\/span>\n\t\t\t\t\t\t\t\t<span class=\"elementor-accordion-icon-opened\"><i class=\"fas fa-minus\"><\/i><\/span>\n\t\t\t\t\t\t\t\t\t\t\t\t\t\t<\/span>\n\t\t\t\t\t\t\t\t\t\t\t\t<a class=\"elementor-accordion-title\" tabindex=\"0\">Wie k\u00f6nnen Eltern den Fortschritt des Kindes verfolgen?<\/a>\n\t\t\t\t\t<\/div>\n\t\t\t\t\t<div id=\"elementor-tab-content-1718\" class=\"elementor-tab-content elementor-clearfix\" data-tab=\"8\" role=\"region\" aria-labelledby=\"elementor-tab-title-1718\">Damit die Eltern den Fortschritt des Kindes verfolgen und alle Details verstehen k\u00f6nnen, bieten wir drei Mal im Jahr individuelle Sitzungen mit der Familie an. Au\u00dferdem gibt es die M\u00f6glichkeit f\u00fcr Eltern, sich mit Lernbegleiter*innen und Coachs zu treffen.<\/div>\n\t\t\t\t<\/div>\n\t\t\t\t\t\t\t<div class=\"elementor-accordion-item\">\n\t\t\t\t\t<div id=\"elementor-tab-title-1719\" class=\"elementor-tab-title\" data-tab=\"9\" role=\"button\" aria-controls=\"elementor-tab-content-1719\" aria-expanded=\"false\">\n\t\t\t\t\t\t\t\t\t\t\t\t\t<span class=\"elementor-accordion-icon elementor-accordion-icon-left\" aria-hidden=\"true\">\n\t\t\t\t\t\t\t\t\t\t\t\t\t\t\t<span class=\"elementor-accordion-icon-closed\"><i class=\"fas fa-plus\"><\/i><\/span>\n\t\t\t\t\t\t\t\t<span class=\"elementor-accordion-icon-opened\"><i class=\"fas fa-minus\"><\/i><\/span>\n\t\t\t\t\t\t\t\t\t\t\t\t\t\t<\/span>\n\t\t\t\t\t\t\t\t\t\t\t\t<a class=\"elementor-accordion-title\" tabindex=\"0\">Wann f\u00e4ngt der Unterricht an?<\/a>\n\t\t\t\t\t<\/div>\n\t\t\t\t\t<div id=\"elementor-tab-content-1719\" class=\"elementor-tab-content elementor-clearfix\" data-tab=\"9\" role=\"region\" aria-labelledby=\"elementor-tab-title-1719\">Unsere Schule soll f\u00fcr alle Sch\u00fcler*innen t\u00e4glich schon ab 07:30 Uhr \u00f6ffnen. Um den Kindern einen angenehmen, morgendlichen Schulbeginn zu erm\u00f6glichen, werden wir einen \u201eOffenen Anfang\u201c einf\u00fchren. Die Kinder k\u00f6nnen bis 08:20 Uhr flexibel ankommen, sich austauschen, fr\u00fchst\u00fccken oder frei arbeiten.<\/div>\n\t\t\t\t<\/div>\n\t\t\t\t\t\t\t<div class=\"elementor-accordion-item\">\n\t\t\t\t\t<div id=\"elementor-tab-title-17110\" class=\"elementor-tab-title\" data-tab=\"10\" role=\"button\" aria-controls=\"elementor-tab-content-17110\" aria-expanded=\"false\">\n\t\t\t\t\t\t\t\t\t\t\t\t\t<span class=\"elementor-accordion-icon elementor-accordion-icon-left\" aria-hidden=\"true\">\n\t\t\t\t\t\t\t\t\t\t\t\t\t\t\t<span class=\"elementor-accordion-icon-closed\"><i class=\"fas fa-plus\"><\/i><\/span>\n\t\t\t\t\t\t\t\t<span class=\"elementor-accordion-icon-opened\"><i class=\"fas fa-minus\"><\/i><\/span>\n\t\t\t\t\t\t\t\t\t\t\t\t\t\t<\/span>\n\t\t\t\t\t\t\t\t\t\t\t\t<a class=\"elementor-accordion-title\" tabindex=\"0\">Wann endet der Unterricht?<\/a>\n\t\t\t\t\t<\/div>\n\t\t\t\t\t<div id=\"elementor-tab-content-17110\" class=\"elementor-tab-content elementor-clearfix\" data-tab=\"10\" role=\"region\" aria-labelledby=\"elementor-tab-title-17110\">Die \u201eSchule zumquadrat\u201d wird als offene Ganztagsschule gef\u00fchrt. Der Unterricht endet um 13:30 Uhr. Danach geht das Lernen in der erg\u00e4nzenden F\u00f6rderung und Betreuung (Hort) weiter. Wir empfehlen allen Eltern, ihren Kindern eine m\u00f6glichst regelm\u00e4\u00dfige Teilnahme am Ganztagsprogramm zu erm\u00f6glichen, da Schule und Ganztagsbetrieb eng aufeinander abgestimmt sind und der Fokus auf dem Sprachenlernen liegt. <\/div>\n\t\t\t\t<\/div>\n\t\t\t\t\t\t\t<div class=\"elementor-accordion-item\">\n\t\t\t\t\t<div id=\"elementor-tab-title-17111\" class=\"elementor-tab-title\" data-tab=\"11\" role=\"button\" aria-controls=\"elementor-tab-content-17111\" aria-expanded=\"false\">\n\t\t\t\t\t\t\t\t\t\t\t\t\t<span class=\"elementor-accordion-icon elementor-accordion-icon-left\" aria-hidden=\"true\">\n\t\t\t\t\t\t\t\t\t\t\t\t\t\t\t<span class=\"elementor-accordion-icon-closed\"><i class=\"fas fa-plus\"><\/i><\/span>\n\t\t\t\t\t\t\t\t<span class=\"elementor-accordion-icon-opened\"><i class=\"fas fa-minus\"><\/i><\/span>\n\t\t\t\t\t\t\t\t\t\t\t\t\t\t<\/span>\n\t\t\t\t\t\t\t\t\t\t\t\t<a class=\"elementor-accordion-title\" tabindex=\"0\">K\u00f6nnen die Kinder in eine andere Schulform wechseln und wie geht es nach der Grundschule weiter?<\/a>\n\t\t\t\t\t<\/div>\n\t\t\t\t\t<div id=\"elementor-tab-content-17111\" class=\"elementor-tab-content elementor-clearfix\" data-tab=\"11\" role=\"region\" aria-labelledby=\"elementor-tab-title-17111\"><p>Die Lerninhalte sind den Richtlinien des Landes Berlin angepasst, sodass ein Wechsel jederzeit m\u00f6glich ist.<\/p>\n\n<p>Bei einem Wechsel in eine andere Schule kann immer ein Zeugnis in Notenform gegeben werden. <\/p>\n \n<p>Nach der Grundschule w\u00fcnschen wir uns eine weiterf\u00fchrende Schule, die das Konzept der Schule zumquadrat in sinnvoller Weise fortf\u00fchrt. <\/p><\/div>\n\t\t\t\t<\/div>\n\t\t\t\t\t\t\t<div class=\"elementor-accordion-item\">\n\t\t\t\t\t<div id=\"elementor-tab-title-17112\" class=\"elementor-tab-title\" data-tab=\"12\" role=\"button\" aria-controls=\"elementor-tab-content-17112\" aria-expanded=\"false\">\n\t\t\t\t\t\t\t\t\t\t\t\t\t<span class=\"elementor-accordion-icon elementor-accordion-icon-left\" aria-hidden=\"true\">\n\t\t\t\t\t\t\t\t\t\t\t\t\t\t\t<span class=\"elementor-accordion-icon-closed\"><i class=\"fas fa-plus\"><\/i><\/span>\n\t\t\t\t\t\t\t\t<span class=\"elementor-accordion-icon-opened\"><i class=\"fas fa-minus\"><\/i><\/span>\n\t\t\t\t\t\t\t\t\t\t\t\t\t\t<\/span>\n\t\t\t\t\t\t\t\t\t\t\t\t<a class=\"elementor-accordion-title\" tabindex=\"0\">Was kostet der Schulbesuch?<\/a>\n\t\t\t\t\t<\/div>\n\t\t\t\t\t<div id=\"elementor-tab-content-17112\" class=\"elementor-tab-content elementor-clearfix\" data-tab=\"12\" role=\"region\" aria-labelledby=\"elementor-tab-title-17112\">Der Beitrag der Eltern richtet sich nach den finanziellen M\u00f6glichkeiten des Elternhauses und wird einkommensabh\u00e4ngig gestaffelt sein. Dadurch entsteht ein sozialer Ausgleich. <\/div>\n\t\t\t\t<\/div>\n\t\t\t\t\t\t\t<div class=\"elementor-accordion-item\">\n\t\t\t\t\t<div id=\"elementor-tab-title-17113\" class=\"elementor-tab-title\" data-tab=\"13\" role=\"button\" aria-controls=\"elementor-tab-content-17113\" aria-expanded=\"false\">\n\t\t\t\t\t\t\t\t\t\t\t\t\t<span class=\"elementor-accordion-icon elementor-accordion-icon-left\" aria-hidden=\"true\">\n\t\t\t\t\t\t\t\t\t\t\t\t\t\t\t<span class=\"elementor-accordion-icon-closed\"><i class=\"fas fa-plus\"><\/i><\/span>\n\t\t\t\t\t\t\t\t<span class=\"elementor-accordion-icon-opened\"><i class=\"fas fa-minus\"><\/i><\/span>\n\t\t\t\t\t\t\t\t\t\t\t\t\t\t<\/span>\n\t\t\t\t\t\t\t\t\t\t\t\t<a class=\"elementor-accordion-title\" tabindex=\"0\">Warum ist der Schulbesuch nicht kostenlos?<\/a>\n\t\t\t\t\t<\/div>\n\t\t\t\t\t<div id=\"elementor-tab-content-17113\" class=\"elementor-tab-content elementor-clearfix\" data-tab=\"13\" role=\"region\" aria-labelledby=\"elementor-tab-title-17113\"><p>Das Land Berlin bezuschusst eine genehmigte Ersatzschule erst nach einer Wartefrist von f\u00fcnf Jahren ab Aufnahme des Schulbetriebes. Konkret bedeutet dies, dass wir w\u00e4hrend dieser Wartefrist unsere Existenz mit Hilfe von Eigenmitteln, Krediten und Spenden sichern m\u00fcssen. Auch nach der Wartefrist m\u00fcssen wir die L\u00fccke zwischen den Erstattungen des Landes Berlin und den tats\u00e4chlich anfallenden Kosten schlie\u00dfen.<\/p>\n<p>\nUm die Schule zu erhalten und die qualitative Umsetzung der Schulp\u00e4dagogik zu gew\u00e4hrleisten, sind wir auf finanzielle Unterst\u00fctzung der Eltern angewiesen.\n<\/p><\/div>\n\t\t\t\t<\/div>\n\t\t\t\t\t\t\t<div class=\"elementor-accordion-item\">\n\t\t\t\t\t<div id=\"elementor-tab-title-17114\" class=\"elementor-tab-title\" data-tab=\"14\" role=\"button\" aria-controls=\"elementor-tab-content-17114\" aria-expanded=\"false\">\n\t\t\t\t\t\t\t\t\t\t\t\t\t<span class=\"elementor-accordion-icon elementor-accordion-icon-left\" aria-hidden=\"true\">\n\t\t\t\t\t\t\t\t\t\t\t\t\t\t\t<span class=\"elementor-accordion-icon-closed\"><i class=\"fas fa-plus\"><\/i><\/span>\n\t\t\t\t\t\t\t\t<span class=\"elementor-accordion-icon-opened\"><i class=\"fas fa-minus\"><\/i><\/span>\n\t\t\t\t\t\t\t\t\t\t\t\t\t\t<\/span>\n\t\t\t\t\t\t\t\t\t\t\t\t<a class=\"elementor-accordion-title\" tabindex=\"0\">Wie setzen sich die Kosten zusammen?<\/a>\n\t\t\t\t\t<\/div>\n\t\t\t\t\t<div id=\"elementor-tab-content-17114\" class=\"elementor-tab-content elementor-clearfix\" data-tab=\"14\" role=\"region\" aria-labelledby=\"elementor-tab-title-17114\">Das monatliche Schulgeld setzt sich aus dem festen Schulgeldbeitrag von 100 Euro und dem einkommensabh\u00e4ngigen Satz von ca. 4 % zusammen. F\u00fcr Familien mit einem Jahresbruttoeinkommen (alle Haushaltsmitglieder zusammengerechnet) von unter 30.000 \u20ac ist die H\u00f6he des monatlichen Schulgeldes auf 100,00 \u20ac begrenzt. <\/div>\n\t\t\t\t<\/div>\n\t\t\t\t\t\t\t<div class=\"elementor-accordion-item\">\n\t\t\t\t\t<div id=\"elementor-tab-title-17115\" class=\"elementor-tab-title\" data-tab=\"15\" role=\"button\" aria-controls=\"elementor-tab-content-17115\" aria-expanded=\"false\">\n\t\t\t\t\t\t\t\t\t\t\t\t\t<span class=\"elementor-accordion-icon elementor-accordion-icon-left\" aria-hidden=\"true\">\n\t\t\t\t\t\t\t\t\t\t\t\t\t\t\t<span class=\"elementor-accordion-icon-closed\"><i class=\"fas fa-plus\"><\/i><\/span>\n\t\t\t\t\t\t\t\t<span class=\"elementor-accordion-icon-opened\"><i class=\"fas fa-minus\"><\/i><\/span>\n\t\t\t\t\t\t\t\t\t\t\t\t\t\t<\/span>\n\t\t\t\t\t\t\t\t\t\t\t\t<a class=\"elementor-accordion-title\" tabindex=\"0\">Wie l\u00e4sst sich ein Jahresbruttoeinkommen der Familie berechnen?<\/a>\n\t\t\t\t\t<\/div>\n\t\t\t\t\t<div id=\"elementor-tab-content-17115\" class=\"elementor-tab-content elementor-clearfix\" data-tab=\"15\" role=\"region\" aria-labelledby=\"elementor-tab-title-17115\"><p>Das Jahresbruttoeinkommen der Familie berechnet sich analog zur Berechnung f\u00fcr die Beantragung der Hortgutscheine. Grob gesprochen beinhaltet die Einkommensberechnung alle positiven Eink\u00fcnfte aller Haushaltsmitglieder, inklusive Unterhaltszahlungen.<\/p><\/div>\n\t\t\t\t<\/div>\n\t\t\t\t\t\t\t<div class=\"elementor-accordion-item\">\n\t\t\t\t\t<div id=\"elementor-tab-title-17116\" class=\"elementor-tab-title\" data-tab=\"16\" role=\"button\" aria-controls=\"elementor-tab-content-17116\" aria-expanded=\"false\">\n\t\t\t\t\t\t\t\t\t\t\t\t\t<span class=\"elementor-accordion-icon elementor-accordion-icon-left\" aria-hidden=\"true\">\n\t\t\t\t\t\t\t\t\t\t\t\t\t\t\t<span class=\"elementor-accordion-icon-closed\"><i class=\"fas fa-plus\"><\/i><\/span>\n\t\t\t\t\t\t\t\t<span class=\"elementor-accordion-icon-opened\"><i class=\"fas fa-minus\"><\/i><\/span>\n\t\t\t\t\t\t\t\t\t\t\t\t\t\t<\/span>\n\t\t\t\t\t\t\t\t\t\t\t\t<a class=\"elementor-accordion-title\" tabindex=\"0\">Gibt es Geschwistererm\u00e4\u00dfigung?<\/a>\n\t\t\t\t\t<\/div>\n\t\t\t\t\t<div id=\"elementor-tab-content-17116\" class=\"elementor-tab-content elementor-clearfix\" data-tab=\"16\" role=\"region\" aria-labelledby=\"elementor-tab-title-17116\"><p>Familien, die mehrere Kinder an unser Schule haben, m\u00f6chten wir gerne durch eine Geschwistererm\u00e4\u00dfigung entgegenkommen.<\/p>\n2. Kind 25 % Erm\u00e4\u00dfigung<br>\n3. Kind 50 % Erm\u00e4\u00dfigung<br>\n4. Kind und alle weiteren Kinder 75 % Erm\u00e4\u00dfigung<\/div>\n\t\t\t\t<\/div>\n\t\t\t\t\t\t\t<div class=\"elementor-accordion-item\">\n\t\t\t\t\t<div id=\"elementor-tab-title-17117\" class=\"elementor-tab-title\" data-tab=\"17\" role=\"button\" aria-controls=\"elementor-tab-content-17117\" aria-expanded=\"false\">\n\t\t\t\t\t\t\t\t\t\t\t\t\t<span class=\"elementor-accordion-icon elementor-accordion-icon-left\" aria-hidden=\"true\">\n\t\t\t\t\t\t\t\t\t\t\t\t\t\t\t<span class=\"elementor-accordion-icon-closed\"><i class=\"fas fa-plus\"><\/i><\/span>\n\t\t\t\t\t\t\t\t<span class=\"elementor-accordion-icon-opened\"><i class=\"fas fa-minus\"><\/i><\/span>\n\t\t\t\t\t\t\t\t\t\t\t\t\t\t<\/span>\n\t\t\t\t\t\t\t\t\t\t\t\t<a class=\"elementor-accordion-title\" tabindex=\"0\">Welche Kosten k\u00f6nnen noch entstehen?<\/a>\n\t\t\t\t\t<\/div>\n\t\t\t\t\t<div id=\"elementor-tab-content-17117\" class=\"elementor-tab-content elementor-clearfix\" data-tab=\"17\" role=\"region\" aria-labelledby=\"elementor-tab-title-17117\"><p>Weitere Kosten k\u00f6nnen entstehen f\u00fcr z. B. Aufnahme-\/Verwaltungsgeb\u00fchr, Lernmittelbeitrag, Essensgeld, Hortbeitrag, Klassenkasse, Schulfahrten. <\/p>\n\n<p>\nDie Betreuungskosten (Hort) werden gesondert einkommensabh\u00e4ngig berechnet. Hierzu m\u00fcssen die Eltern rechtzeitig einen Antrag auf Erteilung eines Hortgutscheins beim zust\u00e4ndigen Bezirksamt stellen. \n<\/p><\/div>\n\t\t\t\t<\/div>\n\t\t\t\t\t\t\t<div class=\"elementor-accordion-item\">\n\t\t\t\t\t<div id=\"elementor-tab-title-17118\" class=\"elementor-tab-title\" data-tab=\"18\" role=\"button\" aria-controls=\"elementor-tab-content-17118\" aria-expanded=\"false\">\n\t\t\t\t\t\t\t\t\t\t\t\t\t<span class=\"elementor-accordion-icon elementor-accordion-icon-left\" aria-hidden=\"true\">\n\t\t\t\t\t\t\t\t\t\t\t\t\t\t\t<span class=\"elementor-accordion-icon-closed\"><i class=\"fas fa-plus\"><\/i><\/span>\n\t\t\t\t\t\t\t\t<span class=\"elementor-accordion-icon-opened\"><i class=\"fas fa-minus\"><\/i><\/span>\n\t\t\t\t\t\t\t\t\t\t\t\t\t\t<\/span>\n\t\t\t\t\t\t\t\t\t\t\t\t<a class=\"elementor-accordion-title\" tabindex=\"0\">Kann man das Schulgeld steuerlich absetzen? <\/a>\n\t\t\t\t\t<\/div>\n\t\t\t\t\t<div id=\"elementor-tab-content-17118\" class=\"elementor-tab-content elementor-clearfix\" data-tab=\"18\" role=\"region\" aria-labelledby=\"elementor-tab-title-17118\">F\u00fcr die meisten Eltern ist es bestimmt interessant, dass sich 30 % des Schulgeldes steuerlich absetzen lassen.<\/div>\n\t\t\t\t<\/div>\n\t\t\t\t\t\t\t<div class=\"elementor-accordion-item\">\n\t\t\t\t\t<div id=\"elementor-tab-title-17119\" class=\"elementor-tab-title\" data-tab=\"19\" role=\"button\" aria-controls=\"elementor-tab-content-17119\" aria-expanded=\"false\">\n\t\t\t\t\t\t\t\t\t\t\t\t\t<span class=\"elementor-accordion-icon elementor-accordion-icon-left\" aria-hidden=\"true\">\n\t\t\t\t\t\t\t\t\t\t\t\t\t\t\t<span class=\"elementor-accordion-icon-closed\"><i class=\"fas fa-plus\"><\/i><\/span>\n\t\t\t\t\t\t\t\t<span class=\"elementor-accordion-icon-opened\"><i class=\"fas fa-minus\"><\/i><\/span>\n\t\t\t\t\t\t\t\t\t\t\t\t\t\t<\/span>\n\t\t\t\t\t\t\t\t\t\t\t\t<a class=\"elementor-accordion-title\" tabindex=\"0\">Wie beteiligen sich Familien am Schulleben? <\/a>\n\t\t\t\t\t<\/div>\n\t\t\t\t\t<div id=\"elementor-tab-content-17119\" class=\"elementor-tab-content elementor-clearfix\" data-tab=\"19\" role=\"region\" aria-labelledby=\"elementor-tab-title-17119\">Als Schule in freier Tr\u00e4gerschaft stehen uns nur begrenzte finanzielle Mittel zur Verf\u00fcgung. Deswegen m\u00f6chten wir, dass sich die Familien an der Gestaltung unseres Schullebens beteiligen und sich mindestens vier Stunden pro Monat f\u00fcr die Schule engagieren. Das k\u00f6nnen sie tun, indem sie zum Beispiel unsere Familien-Freitage mitgestalten, in Gremien arbeiten, Nachmittagsangebote vorbereiten, Projekte begleiten, Feste und Ausfl\u00fcge organisieren, im Haus oder Garten arbeiten, die \u00d6ffentlichkeitsarbeit unterst\u00fctzen und vieles mehr. Wir freuen uns \u00fcber jede Unterst\u00fctzung und sch\u00e4tzen alle Interessen und F\u00e4higkeiten, die Eltern und Gro\u00dfeltern in die Schulgemeinschaft einbringen.<\/div>\n\t\t\t\t<\/div>\n\t\t\t\t\t\t\t<div class=\"elementor-accordion-item\">\n\t\t\t\t\t<div id=\"elementor-tab-title-17120\" class=\"elementor-tab-title\" data-tab=\"20\" role=\"button\" aria-controls=\"elementor-tab-content-17120\" aria-expanded=\"false\">\n\t\t\t\t\t\t\t\t\t\t\t\t\t<span class=\"elementor-accordion-icon elementor-accordion-icon-left\" aria-hidden=\"true\">\n\t\t\t\t\t\t\t\t\t\t\t\t\t\t\t<span class=\"elementor-accordion-icon-closed\"><i class=\"fas fa-plus\"><\/i><\/span>\n\t\t\t\t\t\t\t\t<span class=\"elementor-accordion-icon-opened\"><i class=\"fas fa-minus\"><\/i><\/span>\n\t\t\t\t\t\t\t\t\t\t\t\t\t\t<\/span>\n\t\t\t\t\t\t\t\t\t\t\t\t<a class=\"elementor-accordion-title\" tabindex=\"0\">Wie kann das Kind an der Schule angemeldet werden?<\/a>\n\t\t\t\t\t<\/div>\n\t\t\t\t\t<div id=\"elementor-tab-content-17120\" class=\"elementor-tab-content elementor-clearfix\" data-tab=\"20\" role=\"region\" aria-labelledby=\"elementor-tab-title-17120\"><p>Falls Du Interesse an einem Schulplatz fu\u0308r Dein Kind\/Deine Kinder hast, dann ist es wichtig, schon jetzt ein Formular zur Interessensbekundung auszufu\u0308llen und uns zukommen zu lassen. Diese Interessensbekundung ist unverbindlich, hilft uns aber den Bedarf an Schulpla\u0308tzen genau einzuscha\u0308tzen und Finanzierung und Ra\u0308umlichkeiten der Schule entsprechend zu planen. Du kannst Dein Kind jetzt bei uns anmelden, wenn es zwischen dem 1. Oktober 2015 und dem 30. September 2016 geboren wurde und im Jahr 2022 eingeschult wird. Wir nehmen gerne auch Anmeldungen fu\u0308r Kinder an, die nach 2022 eingeschult werden sollen.<\/p>\n<p>Bitte sende das ausgef\u00fcllte und unterzeichnete Formular als scan an unsere E-Mail Adresse hallo@zumquadrat.org.<\/p> \n<p><b><a href=\"https:\/\/zumquadrat.org\/media\/pdf\/anmeldeformular_szq\" target=\"_blank\">zur Interessensbekundung<\/a><\/b> <\/p><\/div>\n\t\t\t\t<\/div>\n\t\t\t\t\t\t\t\t<\/div>\n\t\t\t\t\t\t<\/div>\n\t\t\t\t<\/div>\n\t\t\t\t\t<\/div>\n\t\t<\/div>\n\t\t\t\t\t<\/div>\n\t\t<\/section>\n\t\t\t\t<section class=\"elementor-section elementor-top-section elementor-element elementor-element-6efeec2 elementor-section-boxed elementor-section-height-default elementor-section-height-default\" data-id=\"6efeec2\" data-element_type=\"section\">\n\t\t\t\t\t\t<div class=\"elementor-container elementor-column-gap-default\">\n\t\t\t\t\t<div class=\"elementor-column elementor-col-100 elementor-top-column elementor-element elementor-element-e06f21b\" data-id=\"e06f21b\" data-element_type=\"column\">\n\t\t\t<div class=\"elementor-widget-wrap elementor-element-populated\">\n\t\t\t\t\t\t<div class=\"elementor-element elementor-element-d96d131 elementor-widget elementor-widget-html\" data-id=\"d96d131\" data-element_type=\"widget\" data-widget_type=\"html.default\">\n\t\t\t\t<div class=\"elementor-widget-container\">\n\t\t\t\t\t<script> \r\njQuery(document).ready(function($) { \r\nvar delay = 100; setTimeout(function() { \r\n$('.elementor-tab-title').removeClass('elementor-active');\r\n $('.elementor-tab-content').css('display', 'none'); }, delay); \r\n}); \r\n<\/script>\t\t\t\t<\/div>\n\t\t\t\t<\/div>\n\t\t\t\t\t<\/div>\n\t\t<\/div>\n\t\t\t\t\t<\/div>\n\t\t<\/section>\n\t\t\t\t<\/div>\n\t\t","protected":false},"excerpt":{"rendered":"<p>Fragen &#038; Antworten Welche Sprachkenntnisse sind bei der Aufnahme notwendig? Unsere Schule ist offen fu\u0308r alle Kinder, die mindestens eine Schwerpunktsprache sprechen. Zu den Schwerpunktsprachen geh\u00f6ren Deutsch, Englisch, Russisch und Rum\u00e4nisch. Bei entsprechender Nachfrage kommen weitere osteurop\u00e4ische Sprachen hinzu. Bei der Aufnahme achten wir darauf, dass 60 Prozent unserer Sch\u00fcler*innen aktiv mind. eine osteurop\u00e4ische Sprache &hellip; <\/p>\n<p class=\"link-more\"><a href=\"https:\/\/zumquadrat.org\/de\/faq\/\" class=\"more-link\"><span class=\"screen-reader-text\">\u201eFAQ\u201c<\/span> weiterlesen<\/a><\/p>\n","protected":false},"author":1,"featured_media":0,"parent":0,"menu_order":0,"comment_status":"closed","ping_status":"closed","template":"","meta":{"inline_featured_image":false,"footnotes":""},"class_list":["post-564","page","type-page","status-publish","hentry"],"yoast_head":"<!-- This site is optimized with the Yoast SEO plugin v24.8.1 - https:\/\/yoast.com\/wordpress\/plugins\/seo\/ -->\n<title>FAQ - zumquadrat<\/title>\n<meta name=\"robots\" content=\"index, follow, max-snippet:-1, max-image-preview:large, max-video-preview:-1\" \/>\n<link rel=\"canonical\" href=\"https:\/\/zumquadrat.org\/de\/faq\/\" \/>\n<meta property=\"og:locale\" content=\"de_DE\" \/>\n<meta property=\"og:type\" content=\"article\" \/>\n<meta property=\"og:title\" content=\"FAQ - zumquadrat\" \/>\n<meta property=\"og:description\" content=\"Fragen &#038; Antworten Welche Sprachkenntnisse sind bei der Aufnahme notwendig? Unsere Schule ist offen fu\u0308r alle Kinder, die mindestens eine Schwerpunktsprache sprechen. Zu den Schwerpunktsprachen geh\u00f6ren Deutsch, Englisch, Russisch und Rum\u00e4nisch. Bei entsprechender Nachfrage kommen weitere osteurop\u00e4ische Sprachen hinzu. Bei der Aufnahme achten wir darauf, dass 60 Prozent unserer Sch\u00fcler*innen aktiv mind. eine osteurop\u00e4ische Sprache &hellip; \u201eFAQ\u201c weiterlesen\" \/>\n<meta property=\"og:url\" content=\"https:\/\/zumquadrat.org\/de\/faq\/\" \/>\n<meta property=\"og:site_name\" content=\"zumquadrat\" \/>\n<meta property=\"article:modified_time\" content=\"2024-01-14T16:29:03+00:00\" \/>\n<meta property=\"og:image\" content=\"https:\/\/zumquadrat.org\/wp-content\/uploads\/2020\/12\/FAQ.svg\" \/>\n<meta name=\"twitter:card\" content=\"summary_large_image\" \/>\n<meta name=\"twitter:label1\" content=\"Gesch\u00e4tzte Lesezeit\" \/>\n\t<meta name=\"twitter:data1\" content=\"8\u00a0Minuten\" \/>\n<script type=\"application\/ld+json\" class=\"yoast-schema-graph\">{\"@context\":\"https:\/\/schema.org\",\"@graph\":[{\"@type\":\"WebPage\",\"@id\":\"https:\/\/zumquadrat.org\/de\/faq\/\",\"url\":\"https:\/\/zumquadrat.org\/de\/faq\/\",\"name\":\"FAQ - zumquadrat\",\"isPartOf\":{\"@id\":\"https:\/\/zumquadrat.org\/de\/#website\"},\"primaryImageOfPage\":{\"@id\":\"https:\/\/zumquadrat.org\/de\/faq\/#primaryimage\"},\"image\":{\"@id\":\"https:\/\/zumquadrat.org\/de\/faq\/#primaryimage\"},\"thumbnailUrl\":\"https:\/\/zumquadrat.org\/wp-content\/uploads\/2020\/12\/FAQ.svg\",\"datePublished\":\"2020-09-20T19:09:45+00:00\",\"dateModified\":\"2024-01-14T16:29:03+00:00\",\"breadcrumb\":{\"@id\":\"https:\/\/zumquadrat.org\/de\/faq\/#breadcrumb\"},\"inLanguage\":\"de\",\"potentialAction\":[{\"@type\":\"ReadAction\",\"target\":[\"https:\/\/zumquadrat.org\/de\/faq\/\"]}]},{\"@type\":\"ImageObject\",\"inLanguage\":\"de\",\"@id\":\"https:\/\/zumquadrat.org\/de\/faq\/#primaryimage\",\"url\":\"https:\/\/zumquadrat.org\/wp-content\/uploads\/2020\/12\/FAQ.svg\",\"contentUrl\":\"https:\/\/zumquadrat.org\/wp-content\/uploads\/2020\/12\/FAQ.svg\"},{\"@type\":\"BreadcrumbList\",\"@id\":\"https:\/\/zumquadrat.org\/de\/faq\/#breadcrumb\",\"itemListElement\":[{\"@type\":\"ListItem\",\"position\":1,\"name\":\"\",\"item\":\"https:\/\/zumquadrat.org\/de\/\"},{\"@type\":\"ListItem\",\"position\":2,\"name\":\"FAQ\"}]},{\"@type\":\"WebSite\",\"@id\":\"https:\/\/zumquadrat.org\/de\/#website\",\"url\":\"https:\/\/zumquadrat.org\/de\/\",\"name\":\"zumquadrat\",\"description\":\"schule\",\"potentialAction\":[{\"@type\":\"SearchAction\",\"target\":{\"@type\":\"EntryPoint\",\"urlTemplate\":\"https:\/\/zumquadrat.org\/de\/?s={search_term_string}\"},\"query-input\":{\"@type\":\"PropertyValueSpecification\",\"valueRequired\":true,\"valueName\":\"search_term_string\"}}],\"inLanguage\":\"de\"}]}<\/script>\n<!-- \/ Yoast SEO plugin. -->","yoast_head_json":{"title":"FAQ - zumquadrat","robots":{"index":"index","follow":"follow","max-snippet":"max-snippet:-1","max-image-preview":"max-image-preview:large","max-video-preview":"max-video-preview:-1"},"canonical":"https:\/\/zumquadrat.org\/de\/faq\/","og_locale":"de_DE","og_type":"article","og_title":"FAQ - zumquadrat","og_description":"Fragen &#038; Antworten Welche Sprachkenntnisse sind bei der Aufnahme notwendig? Unsere Schule ist offen fu\u0308r alle Kinder, die mindestens eine Schwerpunktsprache sprechen. Zu den Schwerpunktsprachen geh\u00f6ren Deutsch, Englisch, Russisch und Rum\u00e4nisch. Bei entsprechender Nachfrage kommen weitere osteurop\u00e4ische Sprachen hinzu. Bei der Aufnahme achten wir darauf, dass 60 Prozent unserer Sch\u00fcler*innen aktiv mind. eine osteurop\u00e4ische Sprache &hellip; \u201eFAQ\u201c weiterlesen","og_url":"https:\/\/zumquadrat.org\/de\/faq\/","og_site_name":"zumquadrat","article_modified_time":"2024-01-14T16:29:03+00:00","og_image":[{"url":"https:\/\/zumquadrat.org\/wp-content\/uploads\/2020\/12\/FAQ.svg","type":"","width":"","height":""}],"twitter_card":"summary_large_image","twitter_misc":{"Gesch\u00e4tzte Lesezeit":"8\u00a0Minuten"},"schema":{"@context":"https:\/\/schema.org","@graph":[{"@type":"WebPage","@id":"https:\/\/zumquadrat.org\/de\/faq\/","url":"https:\/\/zumquadrat.org\/de\/faq\/","name":"FAQ - zumquadrat","isPartOf":{"@id":"https:\/\/zumquadrat.org\/de\/#website"},"primaryImageOfPage":{"@id":"https:\/\/zumquadrat.org\/de\/faq\/#primaryimage"},"image":{"@id":"https:\/\/zumquadrat.org\/de\/faq\/#primaryimage"},"thumbnailUrl":"https:\/\/zumquadrat.org\/wp-content\/uploads\/2020\/12\/FAQ.svg","datePublished":"2020-09-20T19:09:45+00:00","dateModified":"2024-01-14T16:29:03+00:00","breadcrumb":{"@id":"https:\/\/zumquadrat.org\/de\/faq\/#breadcrumb"},"inLanguage":"de","potentialAction":[{"@type":"ReadAction","target":["https:\/\/zumquadrat.org\/de\/faq\/"]}]},{"@type":"ImageObject","inLanguage":"de","@id":"https:\/\/zumquadrat.org\/de\/faq\/#primaryimage","url":"https:\/\/zumquadrat.org\/wp-content\/uploads\/2020\/12\/FAQ.svg","contentUrl":"https:\/\/zumquadrat.org\/wp-content\/uploads\/2020\/12\/FAQ.svg"},{"@type":"BreadcrumbList","@id":"https:\/\/zumquadrat.org\/de\/faq\/#breadcrumb","itemListElement":[{"@type":"ListItem","position":1,"name":"","item":"https:\/\/zumquadrat.org\/de\/"},{"@type":"ListItem","position":2,"name":"FAQ"}]},{"@type":"WebSite","@id":"https:\/\/zumquadrat.org\/de\/#website","url":"https:\/\/zumquadrat.org\/de\/","name":"zumquadrat","description":"schule","potentialAction":[{"@type":"SearchAction","target":{"@type":"EntryPoint","urlTemplate":"https:\/\/zumquadrat.org\/de\/?s={search_term_string}"},"query-input":{"@type":"PropertyValueSpecification","valueRequired":true,"valueName":"search_term_string"}}],"inLanguage":"de"}]}},"_links":{"self":[{"href":"https:\/\/zumquadrat.org\/de\/wp-json\/wp\/v2\/pages\/564","targetHints":{"allow":["GET"]}}],"collection":[{"href":"https:\/\/zumquadrat.org\/de\/wp-json\/wp\/v2\/pages"}],"about":[{"href":"https:\/\/zumquadrat.org\/de\/wp-json\/wp\/v2\/types\/page"}],"author":[{"embeddable":true,"href":"https:\/\/zumquadrat.org\/de\/wp-json\/wp\/v2\/users\/1"}],"replies":[{"embeddable":true,"href":"https:\/\/zumquadrat.org\/de\/wp-json\/wp\/v2\/comments?post=564"}],"version-history":[{"count":69,"href":"https:\/\/zumquadrat.org\/de\/wp-json\/wp\/v2\/pages\/564\/revisions"}],"predecessor-version":[{"id":9590,"href":"https:\/\/zumquadrat.org\/de\/wp-json\/wp\/v2\/pages\/564\/revisions\/9590"}],"wp:attachment":[{"href":"https:\/\/zumquadrat.org\/de\/wp-json\/wp\/v2\/media?parent=564"}],"curies":[{"name":"wp","href":"https:\/\/api.w.org\/{rel}","templated":true}]}}